{"id":4791,"date":"2023-02-12T23:50:42","date_gmt":"2023-02-13T04:50:42","guid":{"rendered":"https:\/\/www.elijahwald.com\/songblog\/?page_id=4791"},"modified":"2026-04-15T10:36:24","modified_gmt":"2026-04-15T14:36:24","slug":"booking-and-press-kit","status":"publish","type":"page","link":"https:\/\/www.elijahwald.com\/songblog\/booking-and-press-kit\/","title":{"rendered":"Elijah Wald booking and promotional page"},"content":{"rendered":"<p>Welcome to my promo page, with bio, photos, concert videos, and other fine stuff:<\/p>\n<figure id=\"attachment_5678\" aria-describedby=\"caption-attachment-5678\" style=\"width: 2560px\" class=\"wp-caption alignleft\"><img data-recalc-dims=\"1\" loading=\"lazy\" decoding=\"async\" class=\"wp-image-5678 size-full\" src=\"https:\/\/i0.wp.com\/www.elijahwald.com\/songblog\/wp-content\/uploads\/2025\/02\/Elijah-Wald-at-Cafe-Wha-2025-photo-by-RI-Sutherland-Cohen-8x10-1-scaled.jpg?resize=474%2C379&#038;ssl=1\" alt=\"\" width=\"474\" height=\"379\" srcset=\"https:\/\/i0.wp.com\/www.elijahwald.com\/songblog\/wp-content\/uploads\/2025\/02\/Elijah-Wald-at-Cafe-Wha-2025-photo-by-RI-Sutherland-Cohen-8x10-1-scaled.jpg?w=2560&amp;ssl=1 2560w, https:\/\/i0.wp.com\/www.elijahwald.com\/songblog\/wp-content\/uploads\/2025\/02\/Elijah-Wald-at-Cafe-Wha-2025-photo-by-RI-Sutherland-Cohen-8x10-1-scaled.jpg?resize=300%2C240&amp;ssl=1 300w, https:\/\/i0.wp.com\/www.elijahwald.com\/songblog\/wp-content\/uploads\/2025\/02\/Elijah-Wald-at-Cafe-Wha-2025-photo-by-RI-Sutherland-Cohen-8x10-1-scaled.jpg?resize=1024%2C819&amp;ssl=1 1024w, https:\/\/i0.wp.com\/www.elijahwald.com\/songblog\/wp-content\/uploads\/2025\/02\/Elijah-Wald-at-Cafe-Wha-2025-photo-by-RI-Sutherland-Cohen-8x10-1-scaled.jpg?resize=768%2C614&amp;ssl=1 768w, https:\/\/i0.wp.com\/www.elijahwald.com\/songblog\/wp-content\/uploads\/2025\/02\/Elijah-Wald-at-Cafe-Wha-2025-photo-by-RI-Sutherland-Cohen-8x10-1-scaled.jpg?resize=1536%2C1229&amp;ssl=1 1536w, https:\/\/i0.wp.com\/www.elijahwald.com\/songblog\/wp-content\/uploads\/2025\/02\/Elijah-Wald-at-Cafe-Wha-2025-photo-by-RI-Sutherland-Cohen-8x10-1-scaled.jpg?resize=2048%2C1638&amp;ssl=1 2048w, https:\/\/i0.wp.com\/www.elijahwald.com\/songblog\/wp-content\/uploads\/2025\/02\/Elijah-Wald-at-Cafe-Wha-2025-photo-by-RI-Sutherland-Cohen-8x10-1-scaled.jpg?w=948&amp;ssl=1 948w, https:\/\/i0.wp.com\/www.elijahwald.com\/songblog\/wp-content\/uploads\/2025\/02\/Elijah-Wald-at-Cafe-Wha-2025-photo-by-RI-Sutherland-Cohen-8x10-1-scaled.jpg?w=1422&amp;ssl=1 1422w\" sizes=\"auto, (max-width: 474px) 100vw, 474px\" \/><figcaption id=\"caption-attachment-5678\" class=\"wp-caption-text\">Elijah Wald onstage at the Cafe Wha? in Greenwich Village, credit: R.I. Sutherland-Cohen (High resolution version available at https:\/\/www.elijahwald.com\/waldpic.html).<\/figcaption><\/figure>\n<p>Elijah Wald has been performing for almost fifty years in a wide variety of styles, from blues, folk, ragtime, swing, country, and cowboy songs to classic Swahili pop, the Bahamian guitar style of Joseph Spence, and Mexican corridos. He hit the road in his late teens as a rambling busker, and has toured all over the United States and much of the rest of the world, playing in coffeehouses, bars, nightclubs, colleges, concert halls,\u00a0 and on festival stages from New Orleans to Chicago, Tokyo, Salzburg, and Sydney.<\/p>\n<p>Elijah&#8217;s mentors include Dave Van Ronk, with whom he performed, recorded, and wrote Dave&#8217;s memoir, <em>The Mayor of MacDougal Street <\/em>(which inspired the Coen Brothers&#8217; movie <em>Inside Llewyn Davis<\/em>); Howard Armstrong, the legendary Black string band master, with whom he toured for five years; Eric Von Schmidt, the founding father of the Cambridge folk\/blues scene; and Jean-Bosco Mwenda, the father of Congolese acoustic guitar. He won a 2002 Grammy (for liner notes, which in Van Ronk&#8217;s words &#8220;is kind of like getting the Nobel Prize in fingerpainting,&#8221; but still nice), filmed a highly-regarded instructional video on the guitar style of the Bahamian wizard Joseph Spence, and his shows blend music and stories from a wide range of people and places in a compellingly personal style.<\/p>\n<p>Elijah&#8217;s music and stories are deeply informed by his second career as a chronicler of American and world music. Along with the Van Ronk memoir, he has written books on Josh White and Robert Johnson, an exploration of Jelly Roll Morton and the censorship of early blues, an alternative history of popular music provocatively titled <em>How the Beatles Destroyed Rock &#8216;n&#8217; Roll<\/em>,\u00a0 and <em>Dylan Goes Electric!<\/em>, the basis of the film <em>A Complete Unknown<\/em>.<\/p>\n<p>For more about his books, recordings, and other projects, check out his <a href=\"https:\/\/www.elijahwald.com\/\">homepage<\/a>. His <a href=\"https:\/\/www.elijahwald.com\/songblog\">Songobiography<\/a> site has videos of hundreds of songs, with stories and commentary. Along with his regular concerts, he has a one-man\u00a0 &#8220;<a href=\"https:\/\/www.elijahwald.com\/songblog\/dylan-in-the-village\/\">Bob Dylan in Greenwich Village<\/a>&#8221; show, building on the interest in Dylan&#8217;s early years sparked by the movie based on his book <em>Dylan Goes Electric!<\/em><\/p>\n<p><a href=\"https:\/\/elijahwald.com\/WaldConcertPoster11x17.pdf\">Downloadable 11&#215;17 poster<\/a><\/p>\n<p>Some quotes about Elijah&#8217;s music:<\/p>\n<p>&#8220;a brilliant fingerpicker and distinctive singer&#8221; &#8212; <em>The <\/em><em>Boston Globe<\/em><\/p>\n<p>&#8220;exuberant and educational&#8221; &#8212; <em>The Times of India<\/em><\/p>\n<p>&#8220;Great songs, sporty picking, and some of the prettiest shirts on God&#8217;s green earth.&#8221; &#8212; Dave Van Ronk<\/p>\n<p>&#8220;Elijah Wald is a great folk singer who combines deft musicianship with great song choices and historical memory that sets him as one of the best in his field. Elijah has put in untold miles of traveling all over the world, meeting people and playing music with them. He is one of only a handful of folk musicians in his generation that is tightly connected to old iconic folk singers like Dave van Ronk and also to a new generation of musicians engaging with folk and traditional music in the new century. If Elijah Wald is playing a show, you won&#8217;t want to miss it.&#8221;<br \/>\n&#8212; Eli Smith, director of the Brooklyn Folk Festival and Washington Square Folk Festival<\/p>\n<p>&#8220;Elijah has a highly accomplished traditional style of guitar and powerful songs. Although performing solo after a loud band, he was capable of handling a crowd of 1000 people and pulled a great festival performance. Highly recommended!&#8221;<br \/>\n&#8212; \u0160t\u011bp\u00e1n Suchochleb, director of the Blues Alive Festival, Czech Republic<\/p>\n<p>My <em>Songobiography<\/em> has over 400 videos, ranging over the breadth of my repertoire, here are three performance clips from a blues festival in the Czech Republic, and there are more live clips on the page for my Dylan show.<\/p>\n<p>Two songs from Mississippi John Hurt:<\/p>\n<p><iframe loading=\"lazy\" title=\"Elijah Wald - two songs from Mississippi John Hurt\" width=\"474\" height=\"267\" src=\"https:\/\/www.youtube.com\/embed\/6D7py-3yVT0?feature=oembed\" frameborder=\"0\" allow=\"accelerometer; autoplay; clipboard-write; encrypted-media; gyroscope; picture-in-picture; web-share\" referrerpolicy=\"strict-origin-when-cross-origin\" allowfullscreen><\/iframe><\/p>\n<p>A Congolese favorite from Jean-Bosco Mwenda:<\/p>\n<p><iframe loading=\"lazy\" title=\"Elijah Wald - Masanga, live at Sumperk Blues Festival, 2021\" width=\"474\" height=\"267\" src=\"https:\/\/www.youtube.com\/embed\/Tj4KNAZDaD8?feature=oembed\" frameborder=\"0\" allow=\"accelerometer; autoplay; clipboard-write; encrypted-media; gyroscope; picture-in-picture; web-share\" referrerpolicy=\"strict-origin-when-cross-origin\" allowfullscreen><\/iframe><\/p>\n<p>A Mississippi Delta blues from Tommy Johnson:<\/p>\n<p><iframe loading=\"lazy\" title=\"Elijah Wald - Big Road Blues, live at Sumperk Blues Festival, 2021\" width=\"474\" height=\"267\" src=\"https:\/\/www.youtube.com\/embed\/gcS8KAtL1V0?feature=oembed\" frameborder=\"0\" allow=\"accelerometer; autoplay; clipboard-write; encrypted-media; gyroscope; picture-in-picture; web-share\" referrerpolicy=\"strict-origin-when-cross-origin\" allowfullscreen><\/iframe><\/p>\n<p>For more information, booking, interviews, or for any other good reason, contact: elijah@elijahwald.com<\/p>\n","protected":false},"excerpt":{"rendered":"<p>Welcome to my promo page, with bio, photos, concert videos, and other fine stuff: Elijah Wald has been performing for almost fifty years in a wide variety of styles, from blues, folk, ragtime, swing, country, and cowboy songs to classic Swahili pop, the Bahamian guitar style of Joseph Spence, and Mexican corridos. He hit the &hellip; <a href=\"https:\/\/www.elijahwald.com\/songblog\/booking-and-press-kit\/\" class=\"more-link\">Continue reading <span class=\"screen-reader-text\">Elijah Wald booking and promotional page<\/span> <span class=\"meta-nav\">&rarr;<\/span><\/a><\/p>\n","protected":false},"author":1,"featured_media":0,"parent":0,"menu_order":0,"comment_status":"closed","ping_status":"closed","template":"","meta":{"jetpack_post_was_ever_published":false,"footnotes":""},"class_list":["post-4791","page","type-page","status-publish","hentry"],"yoast_head":"<!-- This site is optimized with the Yoast SEO plugin v27.4 - https:\/\/yoast.com\/product\/yoast-seo-wordpress\/ -->\n<title>Elijah Wald Booking and Press Kit<\/title>\n<meta name=\"description\" content=\"Booking and press information for Elijah Wald, including a brief bio, hi-res photo, some apposite quotations, and some concert videos.\" \/>\n<meta name=\"robots\" content=\"index, follow, max-snippet:-1, max-image-preview:large, max-video-preview:-1\" \/>\n<link rel=\"canonical\" href=\"https:\/\/www.elijahwald.com\/songblog\/booking-and-press-kit\/\" \/>\n<meta property=\"og:locale\" content=\"en_US\" \/>\n<meta property=\"og:type\" content=\"article\" \/>\n<meta property=\"og:title\" content=\"Elijah Wald Booking and Press Kit\" \/>\n<meta property=\"og:description\" content=\"Booking and press information for Elijah Wald, including a brief bio, hi-res photo, some apposite quotations, and some concert videos.\" \/>\n<meta property=\"og:url\" content=\"https:\/\/www.elijahwald.com\/songblog\/booking-and-press-kit\/\" \/>\n<meta property=\"og:site_name\" content=\"Old Friends: A Songobiography\" \/>\n<meta property=\"article:modified_time\" content=\"2026-04-15T14:36:24+00:00\" \/>\n<meta property=\"og:image\" content=\"https:\/\/www.elijahwald.com\/songblog\/wp-content\/uploads\/2023\/04\/Sumperk-Blues-Alive-set2.jpg\" \/>\n\t<meta property=\"og:image:width\" content=\"1920\" \/>\n\t<meta property=\"og:image:height\" content=\"1281\" \/>\n\t<meta property=\"og:image:type\" content=\"image\/jpeg\" \/>\n<meta name=\"twitter:card\" content=\"summary_large_image\" \/>\n<meta name=\"twitter:image\" content=\"https:\/\/i0.wp.com\/www.elijahwald.com\/songblog\/wp-content\/uploads\/2023\/04\/Sumperk-Blues-Alive-set2.jpg?fit=1920%2C1281&ssl=1\" \/>\n<meta name=\"twitter:site\" content=\"@ElijahWald\" \/>\n<meta name=\"twitter:label1\" content=\"Est. reading time\" \/>\n\t<meta name=\"twitter:data1\" content=\"4 minutes\" \/>\n<script type=\"application\/ld+json\" class=\"yoast-schema-graph\">{\"@context\":\"https:\\\/\\\/schema.org\",\"@graph\":[{\"@type\":\"WebPage\",\"@id\":\"https:\\\/\\\/www.elijahwald.com\\\/songblog\\\/booking-and-press-kit\\\/\",\"url\":\"https:\\\/\\\/www.elijahwald.com\\\/songblog\\\/booking-and-press-kit\\\/\",\"name\":\"Elijah Wald Booking and Press Kit\",\"isPartOf\":{\"@id\":\"https:\\\/\\\/www.elijahwald.com\\\/songblog\\\/#website\"},\"primaryImageOfPage\":{\"@id\":\"https:\\\/\\\/www.elijahwald.com\\\/songblog\\\/booking-and-press-kit\\\/#primaryimage\"},\"image\":{\"@id\":\"https:\\\/\\\/www.elijahwald.com\\\/songblog\\\/booking-and-press-kit\\\/#primaryimage\"},\"thumbnailUrl\":\"https:\\\/\\\/www.elijahwald.com\\\/songblog\\\/wp-content\\\/uploads\\\/2025\\\/02\\\/Elijah-Wald-at-Cafe-Wha-2025-photo-by-RI-Sutherland-Cohen-8x10-1-scaled.jpg\",\"datePublished\":\"2023-02-13T04:50:42+00:00\",\"dateModified\":\"2026-04-15T14:36:24+00:00\",\"description\":\"Booking and press information for Elijah Wald, including a brief bio, hi-res photo, some apposite quotations, and some concert videos.\",\"breadcrumb\":{\"@id\":\"https:\\\/\\\/www.elijahwald.com\\\/songblog\\\/booking-and-press-kit\\\/#breadcrumb\"},\"inLanguage\":\"en-US\",\"potentialAction\":[{\"@type\":\"ReadAction\",\"target\":[\"https:\\\/\\\/www.elijahwald.com\\\/songblog\\\/booking-and-press-kit\\\/\"]}]},{\"@type\":\"ImageObject\",\"inLanguage\":\"en-US\",\"@id\":\"https:\\\/\\\/www.elijahwald.com\\\/songblog\\\/booking-and-press-kit\\\/#primaryimage\",\"url\":\"https:\\\/\\\/i0.wp.com\\\/www.elijahwald.com\\\/songblog\\\/wp-content\\\/uploads\\\/2025\\\/02\\\/Elijah-Wald-at-Cafe-Wha-2025-photo-by-RI-Sutherland-Cohen-8x10-1-scaled.jpg?fit=2560%2C2048&ssl=1\",\"contentUrl\":\"https:\\\/\\\/i0.wp.com\\\/www.elijahwald.com\\\/songblog\\\/wp-content\\\/uploads\\\/2025\\\/02\\\/Elijah-Wald-at-Cafe-Wha-2025-photo-by-RI-Sutherland-Cohen-8x10-1-scaled.jpg?fit=2560%2C2048&ssl=1\",\"width\":2560,\"height\":2048},{\"@type\":\"BreadcrumbList\",\"@id\":\"https:\\\/\\\/www.elijahwald.com\\\/songblog\\\/booking-and-press-kit\\\/#breadcrumb\",\"itemListElement\":[{\"@type\":\"ListItem\",\"position\":1,\"name\":\"Home\",\"item\":\"https:\\\/\\\/www.elijahwald.com\\\/songblog\\\/\"},{\"@type\":\"ListItem\",\"position\":2,\"name\":\"Elijah Wald booking and promotional page\"}]},{\"@type\":\"WebSite\",\"@id\":\"https:\\\/\\\/www.elijahwald.com\\\/songblog\\\/#website\",\"url\":\"https:\\\/\\\/www.elijahwald.com\\\/songblog\\\/\",\"name\":\"Old Friends: A Songobiography\",\"description\":\"Revisiting the songs that have made a home in my head\",\"publisher\":{\"@id\":\"https:\\\/\\\/www.elijahwald.com\\\/songblog\\\/#\\\/schema\\\/person\\\/20e4f69f2f284ea0ff728a9d1b7720a9\"},\"potentialAction\":[{\"@type\":\"SearchAction\",\"target\":{\"@type\":\"EntryPoint\",\"urlTemplate\":\"https:\\\/\\\/www.elijahwald.com\\\/songblog\\\/?s={search_term_string}\"},\"query-input\":{\"@type\":\"PropertyValueSpecification\",\"valueRequired\":true,\"valueName\":\"search_term_string\"}}],\"inLanguage\":\"en-US\"},{\"@type\":[\"Person\",\"Organization\"],\"@id\":\"https:\\\/\\\/www.elijahwald.com\\\/songblog\\\/#\\\/schema\\\/person\\\/20e4f69f2f284ea0ff728a9d1b7720a9\",\"name\":\"Elijah Wald\",\"image\":{\"@type\":\"ImageObject\",\"inLanguage\":\"en-US\",\"@id\":\"https:\\\/\\\/i1.wp.com\\\/www.elijahwald.com\\\/songblog\\\/wp-content\\\/uploads\\\/2015\\\/12\\\/elijahbut.jpg?fit=70%2C85&ssl=1\",\"url\":\"https:\\\/\\\/i1.wp.com\\\/www.elijahwald.com\\\/songblog\\\/wp-content\\\/uploads\\\/2015\\\/12\\\/elijahbut.jpg?fit=70%2C85&ssl=1\",\"contentUrl\":\"https:\\\/\\\/i1.wp.com\\\/www.elijahwald.com\\\/songblog\\\/wp-content\\\/uploads\\\/2015\\\/12\\\/elijahbut.jpg?fit=70%2C85&ssl=1\",\"width\":70,\"height\":85,\"caption\":\"Elijah Wald\"},\"logo\":{\"@id\":\"https:\\\/\\\/i1.wp.com\\\/www.elijahwald.com\\\/songblog\\\/wp-content\\\/uploads\\\/2015\\\/12\\\/elijahbut.jpg?fit=70%2C85&ssl=1\"}}]}<\/script>\n<!-- \/ Yoast SEO plugin. -->","yoast_head_json":{"title":"Elijah Wald Booking and Press Kit","description":"Booking and press information for Elijah Wald, including a brief bio, hi-res photo, some apposite quotations, and some concert videos.","robots":{"index":"index","follow":"follow","max-snippet":"max-snippet:-1","max-image-preview":"max-image-preview:large","max-video-preview":"max-video-preview:-1"},"canonical":"https:\/\/www.elijahwald.com\/songblog\/booking-and-press-kit\/","og_locale":"en_US","og_type":"article","og_title":"Elijah Wald Booking and Press Kit","og_description":"Booking and press information for Elijah Wald, including a brief bio, hi-res photo, some apposite quotations, and some concert videos.","og_url":"https:\/\/www.elijahwald.com\/songblog\/booking-and-press-kit\/","og_site_name":"Old Friends: A Songobiography","article_modified_time":"2026-04-15T14:36:24+00:00","og_image":[{"width":1920,"height":1281,"url":"https:\/\/www.elijahwald.com\/songblog\/wp-content\/uploads\/2023\/04\/Sumperk-Blues-Alive-set2.jpg","type":"image\/jpeg"}],"twitter_card":"summary_large_image","twitter_image":"https:\/\/i0.wp.com\/www.elijahwald.com\/songblog\/wp-content\/uploads\/2023\/04\/Sumperk-Blues-Alive-set2.jpg?fit=1920%2C1281&ssl=1","twitter_site":"@ElijahWald","twitter_misc":{"Est. reading time":"4 minutes"},"schema":{"@context":"https:\/\/schema.org","@graph":[{"@type":"WebPage","@id":"https:\/\/www.elijahwald.com\/songblog\/booking-and-press-kit\/","url":"https:\/\/www.elijahwald.com\/songblog\/booking-and-press-kit\/","name":"Elijah Wald Booking and Press Kit","isPartOf":{"@id":"https:\/\/www.elijahwald.com\/songblog\/#website"},"primaryImageOfPage":{"@id":"https:\/\/www.elijahwald.com\/songblog\/booking-and-press-kit\/#primaryimage"},"image":{"@id":"https:\/\/www.elijahwald.com\/songblog\/booking-and-press-kit\/#primaryimage"},"thumbnailUrl":"https:\/\/www.elijahwald.com\/songblog\/wp-content\/uploads\/2025\/02\/Elijah-Wald-at-Cafe-Wha-2025-photo-by-RI-Sutherland-Cohen-8x10-1-scaled.jpg","datePublished":"2023-02-13T04:50:42+00:00","dateModified":"2026-04-15T14:36:24+00:00","description":"Booking and press information for Elijah Wald, including a brief bio, hi-res photo, some apposite quotations, and some concert videos.","breadcrumb":{"@id":"https:\/\/www.elijahwald.com\/songblog\/booking-and-press-kit\/#breadcrumb"},"inLanguage":"en-US","potentialAction":[{"@type":"ReadAction","target":["https:\/\/www.elijahwald.com\/songblog\/booking-and-press-kit\/"]}]},{"@type":"ImageObject","inLanguage":"en-US","@id":"https:\/\/www.elijahwald.com\/songblog\/booking-and-press-kit\/#primaryimage","url":"https:\/\/i0.wp.com\/www.elijahwald.com\/songblog\/wp-content\/uploads\/2025\/02\/Elijah-Wald-at-Cafe-Wha-2025-photo-by-RI-Sutherland-Cohen-8x10-1-scaled.jpg?fit=2560%2C2048&ssl=1","contentUrl":"https:\/\/i0.wp.com\/www.elijahwald.com\/songblog\/wp-content\/uploads\/2025\/02\/Elijah-Wald-at-Cafe-Wha-2025-photo-by-RI-Sutherland-Cohen-8x10-1-scaled.jpg?fit=2560%2C2048&ssl=1","width":2560,"height":2048},{"@type":"BreadcrumbList","@id":"https:\/\/www.elijahwald.com\/songblog\/booking-and-press-kit\/#breadcrumb","itemListElement":[{"@type":"ListItem","position":1,"name":"Home","item":"https:\/\/www.elijahwald.com\/songblog\/"},{"@type":"ListItem","position":2,"name":"Elijah Wald booking and promotional page"}]},{"@type":"WebSite","@id":"https:\/\/www.elijahwald.com\/songblog\/#website","url":"https:\/\/www.elijahwald.com\/songblog\/","name":"Old Friends: A Songobiography","description":"Revisiting the songs that have made a home in my head","publisher":{"@id":"https:\/\/www.elijahwald.com\/songblog\/#\/schema\/person\/20e4f69f2f284ea0ff728a9d1b7720a9"},"potentialAction":[{"@type":"SearchAction","target":{"@type":"EntryPoint","urlTemplate":"https:\/\/www.elijahwald.com\/songblog\/?s={search_term_string}"},"query-input":{"@type":"PropertyValueSpecification","valueRequired":true,"valueName":"search_term_string"}}],"inLanguage":"en-US"},{"@type":["Person","Organization"],"@id":"https:\/\/www.elijahwald.com\/songblog\/#\/schema\/person\/20e4f69f2f284ea0ff728a9d1b7720a9","name":"Elijah Wald","image":{"@type":"ImageObject","inLanguage":"en-US","@id":"https:\/\/i1.wp.com\/www.elijahwald.com\/songblog\/wp-content\/uploads\/2015\/12\/elijahbut.jpg?fit=70%2C85&ssl=1","url":"https:\/\/i1.wp.com\/www.elijahwald.com\/songblog\/wp-content\/uploads\/2015\/12\/elijahbut.jpg?fit=70%2C85&ssl=1","contentUrl":"https:\/\/i1.wp.com\/www.elijahwald.com\/songblog\/wp-content\/uploads\/2015\/12\/elijahbut.jpg?fit=70%2C85&ssl=1","width":70,"height":85,"caption":"Elijah Wald"},"logo":{"@id":"https:\/\/i1.wp.com\/www.elijahwald.com\/songblog\/wp-content\/uploads\/2015\/12\/elijahbut.jpg?fit=70%2C85&ssl=1"}}]}},"jetpack-related-posts":[{"id":5752,"url":"https:\/\/www.elijahwald.com\/songblog\/dylan-in-the-village\/","url_meta":{"origin":4791,"position":0},"title":"Elijah Wald presents &#8220;Bob Dylan in Greenwich Village,&#8221; a historical concert","author":"Elijah Wald","date":"May 14, 2025","format":false,"excerpt":"Elijah Wald, musician and author of Dylan Goes Electric!, the book that inspired the hit movie A Complete Unknown, presents an evening of music and stories tracing Dylan's early years in New York. Dylan arrived in Greenwich Village in 1961 and joined a vibrant musical world from which he emerged\u2026","rel":"","context":"Similar post","block_context":{"text":"Similar post","link":""},"img":{"alt_text":"","src":"https:\/\/i0.wp.com\/www.elijahwald.com\/songblog\/wp-content\/uploads\/2025\/02\/Elijah-Wald-at-Cafe-Wha-2025-photo-by-RI-Sutherland-Cohen-8x10-1-scaled.jpg?resize=350%2C200&ssl=1","width":350,"height":200},"classes":[]},{"id":72,"url":"https:\/\/www.elijahwald.com\/songblog\/blog\/","url_meta":{"origin":4791,"position":1},"title":"Blog","author":"Elijah Wald","date":"December 19, 2015","format":false,"excerpt":"","rel":"","context":"Similar post","block_context":{"text":"Similar post","link":""},"img":{"alt_text":"","src":"","width":0,"height":0},"classes":[]},{"id":4696,"url":"https:\/\/www.elijahwald.com\/songblog\/checkout\/","url_meta":{"origin":4791,"position":2},"title":"Checkout","author":"Elijah Wald","date":"July 29, 2022","format":false,"excerpt":"[profilepress-checkout]","rel":"","context":"Similar post","block_context":{"text":"Similar post","link":""},"img":{"alt_text":"","src":"","width":0,"height":0},"classes":[]},{"id":4406,"url":"https:\/\/www.elijahwald.com\/songblog\/log-in\/","url_meta":{"origin":4791,"position":3},"title":"Log In","author":"Elijah Wald","date":"September 22, 2021","format":false,"excerpt":"[profilepress-login id=\"1\"]","rel":"","context":"Similar post","block_context":{"text":"Similar post","link":""},"img":{"alt_text":"","src":"","width":0,"height":0},"classes":[]},{"id":4409,"url":"https:\/\/www.elijahwald.com\/songblog\/account\/","url_meta":{"origin":4791,"position":4},"title":"My Account","author":"Elijah Wald","date":"September 22, 2021","format":false,"excerpt":"[profilepress-my-account]","rel":"","context":"Similar post","block_context":{"text":"Similar post","link":""},"img":{"alt_text":"","src":"","width":0,"height":0},"classes":[]},{"id":4407,"url":"https:\/\/www.elijahwald.com\/songblog\/sign-up\/","url_meta":{"origin":4791,"position":5},"title":"Sign Up","author":"Elijah Wald","date":"September 22, 2021","format":false,"excerpt":"[profilepress-registration id=\"1\"]","rel":"","context":"Similar post","block_context":{"text":"Similar post","link":""},"img":{"alt_text":"","src":"","width":0,"height":0},"classes":[]}],"jetpack_sharing_enabled":true,"_links":{"self":[{"href":"https:\/\/www.elijahwald.com\/songblog\/wp-json\/wp\/v2\/pages\/4791","targetHints":{"allow":["GET"]}}],"collection":[{"href":"https:\/\/www.elijahwald.com\/songblog\/wp-json\/wp\/v2\/pages"}],"about":[{"href":"https:\/\/www.elijahwald.com\/songblog\/wp-json\/wp\/v2\/types\/page"}],"author":[{"embeddable":true,"href":"https:\/\/www.elijahwald.com\/songblog\/wp-json\/wp\/v2\/users\/1"}],"replies":[{"embeddable":true,"href":"https:\/\/www.elijahwald.com\/songblog\/wp-json\/wp\/v2\/comments?post=4791"}],"version-history":[{"count":27,"href":"https:\/\/www.elijahwald.com\/songblog\/wp-json\/wp\/v2\/pages\/4791\/revisions"}],"predecessor-version":[{"id":6041,"href":"https:\/\/www.elijahwald.com\/songblog\/wp-json\/wp\/v2\/pages\/4791\/revisions\/6041"}],"wp:attachment":[{"href":"https:\/\/www.elijahwald.com\/songblog\/wp-json\/wp\/v2\/media?parent=4791"}],"curies":[{"name":"wp","href":"https:\/\/api.w.org\/{rel}","templated":true}]}}